{"id":6114,"date":"2020-11-14T17:04:27","date_gmt":"2020-11-14T14:04:27","guid":{"rendered":"https:\/\/arkuminvest.ro\/adatvedelmi-nyilatkozat\/"},"modified":"2023-02-22T15:44:43","modified_gmt":"2023-02-22T12:44:43","slug":"declaratia-privind-protectia-datelor","status":"publish","type":"page","link":"https:\/\/arkuminvest.ro\/ro\/declaratia-privind-protectia-datelor\/","title":{"rendered":"Declara\u021bia privind protec\u021bia datelor"},"content":{"rendered":"\t\t<div data-elementor-type=\"wp-page\" data-elementor-id=\"6114\" class=\"elementor elementor-6114 elementor-3\">\n\t\t\t\t\t\t<div class=\"elementor-inner\">\n\t\t\t\t<div class=\"elementor-section-wrap\">\n\t\t\t\t\t\t\t\t\t<section class=\"elementor-section elementor-top-section elementor-element elementor-element-7af2d21f elementor-section-boxed elementor-section-height-default elementor-section-height-default\" data-id=\"7af2d21f\" data-element_type=\"section\" data-settings=\"{&quot;_ha_eqh_enable&quot;:false}\">\n\t\t\t\t\t\t<div class=\"elementor-container elementor-column-gap-default\">\n\t\t\t\t\t\t\t<div class=\"elementor-row\">\n\t\t\t\t\t<div class=\"elementor-column elementor-col-100 elementor-top-column elementor-element elementor-element-7b815bc9\" data-id=\"7b815bc9\" data-element_type=\"column\">\n\t\t\t<div class=\"elementor-column-wrap elementor-element-populated\">\n\t\t\t\t\t\t\t<div class=\"elementor-widget-wrap\">\n\t\t\t\t\t\t<div class=\"elementor-element elementor-element-7946be87 elementor-widget elementor-widget-text-editor\" data-id=\"7946be87\" data-element_type=\"widget\" data-widget_type=\"text-editor.default\">\n\t\t\t\t<div class=\"elementor-widget-container\">\n\t\t\t\t\t\t\t\t<div class=\"elementor-text-editor elementor-clearfix\">\n\t\t\t\t<p><span style=\"font-weight: 400;\">Nota de confiden\u021bialitate<\/span><\/p><p><span style=\"font-weight: 400;\">Pentru to\u021bi vizitatorii \u0219i utilizatorii site-ului Arkum Invest (<\/span><a href=\"http:\/\/www.arkuminvest.ro\/\"><span style=\"font-weight: 400;\">www.arkuminvest.ro<\/span><\/a><span style=\"font-weight: 400;\">)<\/span><\/p><h2><b>1. Introducere<\/b><\/h2><p><span style=\"font-weight: 400;\">Arkum Invest SRL, entitatea responsabil\u0103 a site-ului web www.arkuminvest.ro (denumit\u0103 \u00een cele ce urmeaz\u0103 \u201eWebsite\u201d) publicat ca controlor de date actual al confiden\u021bialit\u0103\u021bii \u0219i al gestion\u0103rii datelor (denumit\u0103 \u00een cele ce urmeaz\u0103 \u201eNota\u201d sau \u201cNota de confiden\u021bialitate\u201d), care demonstreaz\u0103 angajamentul Operatorului de a securiza \u0219i proteja datele cu caracter personal bazate pe principii \u0219i acestea vor fi descrise mai jos \u00een detaliu.<\/span><\/p><p><span style=\"font-weight: 400;\">Operatorul de date ar trebui s\u0103 ia toate m\u0103surile rezonabile pentru a asigura protec\u021bia datelor cu caracter personal prelucrate de acesta.<\/span><\/p><p><span style=\"font-weight: 400;\">V\u0103 rug\u0103m s\u0103 citi\u021bi cu aten\u021bie aceast\u0103 Not\u0103 \u00eenainte de a utiliza acest site web care con\u021bine informa\u021bii relevante suplimentare. Dac\u0103 nu sunte\u021bi de acord cu aceast\u0103 Notificare sau este posibil s\u0103 ave\u021bi comentarii cu privire la aceasta, v\u0103 rug\u0103m s\u0103 contacta\u021bi Operatorul \u00een scris prin datele de contact de pe site-ul web.<\/span><\/p><p><span style=\"font-weight: 400;\">Informa\u021biile urm\u0103toare privind protec\u021bia datelor se aplic\u0103 at\u00e2t cadrul legal na\u021bional aplicabil \u00een prezent, c\u00e2t \u0219i cerin\u021bele din Regulamentul 2016\/679 al Parlamentului European \u0219i al Consiliului (numit regulament GDPR).<\/span><\/p><p><span style=\"font-weight: 400;\">Nume \u0219i adresa operatorului de date<\/span><\/p><ul><li style=\"font-weight: 400;\" aria-level=\"1\"><span style=\"font-weight: 400;\">Nume: Arkum Invest Srl<\/span><\/li><li style=\"font-weight: 400;\" aria-level=\"1\"><span style=\"font-weight: 400;\">CIF: RO14333919<\/span><\/li><li style=\"font-weight: 400;\" aria-level=\"1\"><span style=\"font-weight: 400;\">Birou: 535600, Harghita, Odorheiu Seciuesc, Str. Kuvar 28<\/span><\/li><li style=\"font-weight: 400;\" aria-level=\"1\"><span style=\"font-weight: 400;\">Website: <\/span><a href=\"http:\/\/www.arkuminvest.ro\/\"><span style=\"font-weight: 400;\">www.arkuminvest.ro<\/span><\/a><\/li><\/ul><p><span style=\"font-weight: 400;\">Detaliile de contact ale Operatorului<\/span><\/p><ul><li style=\"font-weight: 400;\" aria-level=\"1\"><span style=\"font-weight: 400;\">Nume: Arkum Invest Srl<\/span><\/li><li style=\"font-weight: 400;\" aria-level=\"1\"><span style=\"font-weight: 400;\">Post: 535600, Harghita, Odorheiu Seciuesc, Str. Kuvar 28<\/span><\/li><li style=\"font-weight: 400;\" aria-level=\"1\"><span style=\"font-weight: 400;\">E-mail: project@arkuminvest.ro<\/span><\/li><li style=\"font-weight: 400;\" aria-level=\"1\"><span style=\"font-weight: 400;\">Telefon: 00 40 266 213 756<\/span><\/li><\/ul><h2><b>2. Defini\u021bii<\/b><\/h2><p><span style=\"font-weight: 400;\">\u201eDate cu caracter personal\u201d \u00eenseamn\u0103 orice informa\u021bii privind o persoan\u0103 fizic\u0103 identificat\u0103 sau identificabil\u0103 (\u201epersoana vizat\u0103\u201d); o persoan\u0103 fizic\u0103 identificabil\u0103 este o persoan\u0103 care poate fi identificat\u0103, direct sau indirect, \u00een special prin referire la un element de identificare, cum ar fi un nume, un num\u0103r de identificare, date de localizare, un identificator online, sau la unul sau mai multe elemente specifice, proprii identit\u0103\u021bii sale fizice, fiziologice, genetice, psihice, economice, culturale sau sociale.<\/span><\/p><p><span style=\"font-weight: 400;\">\u201ePersoan\u0103 vizat\u0103\u201d se refer\u0103 la orice persoan\u0103 fizic\u0103 care poate fi identificat\u0103, direct sau indirect, printr-un identificator, cum ar fi un nume, un num\u0103r de identificare, date de localizare sau prin factori specifici persoanei fizice, fiziologice, genetice, mentale, economice, identitate cultural\u0103 sau social\u0103.<\/span><\/p><p><span style=\"font-weight: 400;\">\u201eConsim\u021b\u0103m\u00e2nt\u201d al persoanei vizate \u00eenseamn\u0103 orice manifestare de voin\u021b\u0103 liber\u0103, specific\u0103, informat\u0103 \u0219i lipsit\u0103 de ambiguitate a persoanei vizate prin care aceasta accept\u0103, printr-o declara\u021bie sau printr-o ac\u021biune f\u0103r\u0103 echivoc, ca datele cu caracter personal care o privesc s\u0103 fie prelucrate;<\/span><\/p><p><span style=\"font-weight: 400;\">\u201ePrelucrare\u201d \u00eenseamn\u0103 orice opera\u021biune sau set de opera\u021biuni efectuate asupra datelor cu caracter personal sau asupra seturilor de date cu caracter personal, cu sau f\u0103r\u0103 utilizarea de mijloace automatizate, cum ar fi colectarea, \u00eenregistrarea, organizarea, structurarea, stocarea, adaptarea sau modificarea, extragerea, consultarea, utilizarea, divulgarea prin transmitere, diseminarea sau punerea la dispozi\u021bie \u00een orice alt mod, alinierea sau combinarea, restric\u021bionarea, \u0219tergerea sau distrugerea.<\/span><\/p><p><span style=\"font-weight: 400;\">\u201eOperator\u201d \u00eenseamn\u0103 persoana fizic\u0103 sau juridic\u0103, autoritatea public\u0103, agen\u021bia sau alt organism care, singur sau \u00eempreun\u0103 cu altele, stabile\u0219te scopurile \u0219i mijloacele de prelucrare a datelor cu caracter personal; atunci c\u00e2nd scopurile \u0219i mijloacele prelucr\u0103rii sunt stabilite prin dreptul Uniunii sau dreptul intern, operatorul sau criteriile specifice pentru desemnarea acestuia pot fi prev\u0103zute \u00een dreptul Uniunii sau \u00een dreptul intern.<\/span><\/p><p><span style=\"font-weight: 400;\">\u201ePersoan\u0103 \u00eemputernicit\u0103 de operator\u201d \u00eenseamn\u0103 persoana fizic\u0103 sau juridic\u0103, autoritatea public\u0103, agen\u021bia sau alt organism care prelucreaz\u0103 datele cu caracter personal \u00een numele operatorului.<\/span><\/p><p><span style=\"font-weight: 400;\">\u201eDestinatar\u201d \u00eenseamn\u0103 persoana fizic\u0103 sau juridic\u0103, autoritatea public\u0103, agen\u021bia sau alt organism c\u0103reia (c\u0103ruia) \u00eei sunt divulgate datele cu caracter personal, indiferent dac\u0103 este sau nu o parte ter\u021b\u0103. Cu toate acestea, autorit\u0103\u021bile publice c\u0103rora li se pot comunica date cu caracter personal \u00een cadrul unei anumite anchete \u00een conformitate cu dreptul Uniunii sau cu dreptul intern nu sunt considerate destinatari; prelucrarea acestor date de c\u0103tre autorit\u0103\u021bile publice respective respect\u0103 normele aplicabile \u00een materie de protec\u021bie a datelor, \u00een conformitate cu scopurile prelucr\u0103rii.<\/span><\/p><p><span style=\"font-weight: 400;\">\u201eParte ter\u021b\u0103\u201d \u00eenseamn\u0103 o persoan\u0103 fizic\u0103 sau juridic\u0103, autoritate public\u0103, agen\u021bie sau organism altul dec\u00e2t persoana vizat\u0103, operatorul, persoana \u00eemputernicit\u0103 de operator \u0219i persoanele care, sub directa autoritate a operatorului sau a persoanei \u00eemputernicite de operator, sunt autorizate s\u0103 prelucreze date cu caracter personal.<\/span><\/p><p><span style=\"font-weight: 400;\">\u201eCreare de profiluri\u201d \u00eenseamn\u0103 orice form\u0103 de prelucrare automat\u0103 a datelor cu caracter personal care const\u0103 \u00een utilizarea datelor cu caracter personal pentru a evalua anumite aspecte personale referitoare la o persoan\u0103 fizic\u0103, \u00een special pentru a analiza sau prevedea aspecte privind performan\u021ba la locul de munc\u0103, situa\u021bia economic\u0103, s\u0103n\u0103tatea, preferin\u021bele personale, interesele, fiabilitatea, comportamentul, locul \u00een care se afl\u0103 persoana fizic\u0103 respectiv\u0103 sau deplas\u0103rile acesteia.<\/span><\/p><p><span style=\"font-weight: 400;\">\u201eAutoritate de supraveghere\u201d \u00eenseamn\u0103 o autoritate public\u0103 independent\u0103 instituit\u0103 de un stat membru \u00een temeiul articolului 51.<\/span><\/p><p><span style=\"font-weight: 400;\">\u201ePseudonimizare\u201d \u00eenseamn\u0103 prelucrarea datelor cu caracter personal \u00eentr-un asemenea mod \u00eenc\u00e2t acestea s\u0103 nu mai poat\u0103 fi atribuite unei anume persoane vizate f\u0103r\u0103 a se utiliza informa\u021bii suplimentare, cu condi\u021bia ca aceste informa\u021bii suplimentare s\u0103 fie stocate separat \u0219i s\u0103 fac\u0103 obiectul unor m\u0103suri de natur\u0103 tehnic\u0103 \u0219i organizatoric\u0103 care s\u0103 asigure neatribuirea respectivelor date cu caracter personal unei persoane fizice identificate sau identificabile.<\/span><\/p><p><span style=\"font-weight: 400;\">\u201e\u00cenc\u0103lcarea securit\u0103\u021bii datelor cu caracter personal\u201d \u00eenseamn\u0103 o \u00eenc\u0103lcare a securit\u0103\u021bii care duce, \u00een mod accidental sau ilegal, la distrugerea, pierderea, modificarea, sau divulgarea neautorizat\u0103 a datelor cu caracter personal transmise, stocate sau prelucrate \u00eentr-un alt mod, sau la accesul neautorizat la acestea.<\/span><\/p><p><span style=\"font-weight: 400;\">\u201eServiciile societ\u0103\u021bii informa\u021bionale\u201d \u00eenseamn\u0103 un serviciu furnizat electronic, pentru absenta, de obicei pentru remunera\u021bie, la care destinatarul serviciului are acces individual.<\/span><\/p><p><span style=\"font-weight: 400;\">\u201eServiciu de comer\u021b electronic\u201d \u00eenseamn\u0103 un serviciu al societ\u0103\u021bii informa\u021bionale \u00een scopul v\u00e2nz\u0103rii, cump\u0103r\u0103rii, schimbului sau utiliz\u0103rii alternative a bunurilor \u0219i serviciilor precum o proprietate imobil\u0103, inclusiv bani \u0219i valori mobiliare, resurse naturale care pot fi utilizate \u00een acest scop, servicii, bunuri imobiliare , drept de proprietate (denumit \u00een continuare colectiv: o marf\u0103).<\/span><\/p><h2><b>3. Subiectul prelucr\u0103rii datelor<\/b><\/h2><p><span style=\"font-weight: 400;\">Urm\u0103toarele persoane fizice fac obiectul prelucr\u0103rii datelor:<\/span><\/p><ul><li style=\"font-weight: 400;\" aria-level=\"1\"><span style=\"font-weight: 400;\">Utilizatori cu \u00eenregistrare pe site;<\/span><\/li><li style=\"font-weight: 400;\" aria-level=\"1\"><span style=\"font-weight: 400;\">Persoana ne\u00eenregistrat\u0103 care utilizeaz\u0103 serviciile site-ului web \u0219i persoana este identificat\u0103 \/ poate fi identificat\u0103 pe baza oric\u0103ror date specifice.<\/span><\/li><\/ul><h2><b>4. Principii legate de prelucrarea datelor cu caracter personal<\/b><\/h2><p><span style=\"font-weight: 400;\">Operatorul declar\u0103 c\u0103 efectueaz\u0103 prelucrarea datelor cu caracter personal \u00een conformitate cu prevederile Notei de confiden\u021bialitate \u0219i respect\u0103 prevederile legisla\u021biei relevante, cu privire la urm\u0103toarele principii:<\/span><\/p><ul><li style=\"font-weight: 400;\" aria-level=\"1\"><span style=\"font-weight: 400;\">Datele cu caracter personal sunt prelucrate \u00een mod legal, echitabil \u0219i transparent fa\u021b\u0103 de persoana vizat\u0103.<\/span><\/li><li style=\"font-weight: 400;\" aria-level=\"1\"><span style=\"font-weight: 400;\">Datele cu caracter personal sunt colectate \u00een scopuri determinate, explicite \u0219i legitime.<\/span><\/li><li style=\"font-weight: 400;\" aria-level=\"1\"><span style=\"font-weight: 400;\">Datele cu caracter personal sunt adecvate, relevante \u0219i limitate la ceea ce este necesar \u00een raport cu scopurile \u00een care sunt prelucrate.<\/span><\/li><li style=\"font-weight: 400;\" aria-level=\"1\"><span style=\"font-weight: 400;\">Datele cu caracter personal sunt exacte \u0219i, \u00een cazul \u00een care este necesar, s\u0103 fie actualizate; trebuie s\u0103 se ia toate m\u0103surile necesare pentru a se asigura c\u0103 datele cu caracter personal care sunt inexacte, av\u00e2nd \u00een vedere scopurile pentru care sunt prelucrate, sunt \u0219terse sau rectificate f\u0103r\u0103 \u00eent\u00e2rziere.<\/span><\/li><li style=\"font-weight: 400;\" aria-level=\"1\"><span style=\"font-weight: 400;\">Datele cu caracter personal sunt p\u0103strate \u00eentr-o form\u0103 care permite identificarea persoanelor vizate pe o perioad\u0103 care nu dep\u0103\u0219e\u0219te perioada necesar\u0103 \u00eendeplinirii scopurilor \u00een care sunt prelucrate datele; datele cu caracter personal pot fi stocate pe perioade mai lungi \u00een m\u0103sura \u00een care acestea vor fi prelucrate exclusiv \u00een scopuri de arhivare \u00een interes public, \u00een scopuri de cercetare \u0219tiin\u021bific\u0103 sau istoric\u0103 ori \u00een scopuri statistice.<\/span><\/li><li style=\"font-weight: 400;\" aria-level=\"1\"><span style=\"font-weight: 400;\">Datele cu caracter personal sunt prelucrate \u00eentr-un mod care asigur\u0103 securitatea adecvat\u0103 a datelor cu caracter personal, inclusiv protec\u021bia \u00eempotriva prelucr\u0103rii neautorizate sau ilegale \u0219i \u00eempotriva pierderii, a distrugerii sau a deterior\u0103rii accidentale, prin luarea de m\u0103suri tehnice sau organizatorice corespunz\u0103toare.<\/span><\/li><li style=\"font-weight: 400;\" aria-level=\"1\"><span style=\"font-weight: 400;\">Principiile protec\u021biei datelor se aplic\u0103 tuturor informa\u021biilor referitoare la o persoan\u0103 fizic\u0103 identificat\u0103 sau identificabil\u0103.<\/span><\/li><\/ul><h2><b>5. Informa\u021bii generale legate de prelucrarea datelor<\/b><\/h2><p><span style=\"font-weight: 400;\">Scopul de prelucrarea datelor: contactul cu partenerii, furnizarea de informa\u021bii sau servicii suplimentare sau prelucrarea datelor legate de gestionarea rela\u021biei contractuale.<\/span><\/p><p><span style=\"font-weight: 400;\">Temeiul legal de prelucrarea datelor: consim\u021b\u0103m\u00e2ntul persoanei vizate sau prelucrarea datelor este necesar\u0103 pentru a realiza m\u0103suri (pre-) contractuale.<\/span><\/p><p><span style=\"font-weight: 400;\">Subiectul prelucr\u0103rii datelor: utilizatorii formularului de \u00eenregistrare \u0219i \u201eContacteaz\u0103-ne\u201d (abona\u021bii la newsletter, cei care ne-au contactat prin formularul de contact).<\/span><\/p><p><span style=\"font-weight: 400;\">Perioada de stocare \u0219i \u0219tergere a datelor: Procesarea datelor \u0219i deci stocarea depind de scopul \u0219i temeiul legal a prelucr\u0103rii, dar datele vor fi \u0219terse sau blocate dac\u0103 scopul original este \u00eendeplinit sau temeiul legal este expirat\u0103 sau retras\u0103. \u00cen caz de consim\u021b\u0103m\u00e2nt, persoana vizat\u0103 se poate retrage oric\u00e2nd prin trimiterea unei reclama\u021bii la adresa de e-mail a Operatorului (vede\u021bi detaliile de contact). Dac\u0103 nu exist\u0103 obliga\u021bie juridic\u0103 pentru p\u0103strarea datelor cu personal caracter, aceasta vor fi \u0219terse sau pseudonimizate.<\/span><\/p><p><span style=\"font-weight: 400;\">Dreptul de acces la datele vizate: Reprezentant legal al Operatorului \u0219i al angaja\u021bilor s\u0103i.<\/span><\/p><p><span style=\"font-weight: 400;\">Persoana vizat\u0103 poate solicita Operatorului accesul \u0219i rectificarea sau \u0219tergerea datelor cu caracter personal sau restric\u021bionarea prelucr\u0103rii referitoare la persoana vizat\u0103 sau s\u0103 se opun\u0103 prelucr\u0103rii, precum \u0219i dreptul la portabilitatea datelor.<\/span><\/p><p><span style=\"font-weight: 400;\">Persoana vizat\u0103 are dreptul s\u0103 \u00ee\u0219i retrag\u0103 \u00een orice moment consim\u021b\u0103m\u00e2ntul \u0219i retragerea nu afecteaz\u0103 legalitatea prelucr\u0103rii efectuate pe baza consim\u021b\u0103m\u00e2ntului \u00eenainte de retragerea acestuia.<\/span><\/p><p><span style=\"font-weight: 400;\">Persoana vizat\u0103 are dreptul de a depune o pl\u00e2ngere \u00een fa\u021ba unei autorit\u0103\u021bi de supraveghere. Cu toate acestea, v\u0103 rug\u0103m s\u0103 trimite\u021bi pl\u00e2ngerea dvs. Controlorului prima dat\u0103.<\/span><\/p><p><span style=\"font-weight: 400;\">Dac\u0103 persoana vizat\u0103 dore\u0219te s\u0103 utilizeze avantajele \u00eenregistr\u0103rii, precum serviciile specifice dedicate ale site-ului web, este necesar s\u0103 ad\u0103uga\u021bi datele personale necesare. Persoana vizat\u0103 nu este obligat\u0103 s\u0103 adauge aceste date cu caracter personal \u0219i nu exist\u0103 consecin\u021be negative ale unei astfel de ac\u021biuni. Cu toate acestea, unele func\u021bii ale site-ului web nu sunt disponibile f\u0103r\u0103 \u00eenregistr\u0103ri.<\/span><\/p><p><span style=\"font-weight: 400;\">Persoana vizat\u0103 are dreptul de a ob\u021bine de la Operator, f\u0103r\u0103 \u00eent\u00e2rzieri nejustificate, rectificarea datelor cu caracter personal inexacte care o privesc.<\/span><\/p><p><span style=\"font-weight: 400;\">Persoana vizat\u0103 are dreptul de a ob\u021bine din partea operatorului \u0219tergerea datelor cu caracter personal care o privesc, f\u0103r\u0103 \u00eent\u00e2rzieri nejustificate, iar operatorul are obliga\u021bia de a \u0219terge datele cu caracter personal f\u0103r\u0103 \u00eent\u00e2rzieri nejustificate dac\u0103 nu exist\u0103 temeiul legal sau a expirat deja.<\/span><\/p><p><span style=\"font-weight: 400;\">Rectificarea sau \u0219tergerea datelor cu caracter personal poate fi ini\u021biat\u0103 prin e-mail, telefon sau scrisoare folosind informa\u021biile de contact furnizate mai sus.<\/span><\/p><h2><b>6. Completarea formularului \u201eContacteaz\u0103-ne\u201d<\/b><\/h2><p><span style=\"font-weight: 400;\">Operatorul utilizeaz\u0103 datele cu caracter personal, care sunt primite prin formularul de contact, numai \u00een scopul de a v\u0103 contacta \u0219i a v\u0103 informa, f\u0103r\u0103 a trimite c\u0103tre nicio ter\u021b\u0103 parte.<\/span><\/p><h2><b>7. Persoane autorizate s\u0103 proceseze date<\/b><\/h2><p><span style=\"font-weight: 400;\">Entitatea autorizat\u0103 pentru prelucrarea datelor cu caracter personal este GuruLabs Srl. (Cluj Napoca, RO-400112, Cluj, Strada Emile Zola 1\/6, CIF 38156938, Nr. \u00eenmatriculare: J12 \/5457 \/2017) ca persoana \u00eemputernicit\u0103 de operator. Datele cu caracter personal, care pot fi prelucrate, pot fi accesate doar reprezentantul legal, angaja\u021bii, colegii de persoana \u00eemputernicit\u0103 de operator. Persoana \u00eemputernicit\u0103 de operator nu transfer\u0103 date cu caracter personal c\u0103tre o parte ter\u021b\u0103, doar dac\u0103 persoana vizat\u0103 este de acord \u00een mod expres cu acestea.<\/span><\/p><p><span style=\"font-weight: 400;\">Servicii profesionale de hosting (G\u0103zduire web)<\/span><\/p><p><span style=\"font-weight: 400;\">Nume: GuruLabs\u00a0 Srl.<\/span><\/p><p><span style=\"font-weight: 400;\">Sediu: Cluj Napoca, RO-400112, Cluj, Strada Emile Zola 1\/6<\/span><\/p><p><span style=\"font-weight: 400;\">E-mail: office@webgurus.io<\/span><\/p><p><span style=\"font-weight: 400;\">Informa\u021biile pe care le-a\u021bi furnizat sunt stocate pe un server operat de furnizorul de g\u0103zduire. Datele pot fi accesate numai de angaja\u021bii Operatorului \u0219i persoana \u00eemputernicit\u0103 de operator \u0219i de to\u021bi angaja\u021bii care opereaz\u0103 acest server, dar to\u021bi sunt responsabili pentru gestionarea securizat\u0103 a acestor date.<\/span><\/p><p><span style=\"font-weight: 400;\">Numele activit\u0103\u021bii: serviciu de g\u0103zduire web.<\/span><\/p><p><span style=\"font-weight: 400;\">Scopul prelucr\u0103rii datelor: asigurarea opera\u021biunilor serviciului web.<\/span><\/p><p><span style=\"font-weight: 400;\">Obiectul prelucr\u0103rii datelor: datele cu caracter personal care sunt furnizate de persoana vizat\u0103.<\/span><\/p><p><span style=\"font-weight: 400;\">Perioade de stocare \u0219i data scaden\u021bei generale a \u0219tergerii datelor: Prelucrarea datelor continu\u0103 p\u00e2n\u0103 la \u00eencetarea func\u021bion\u0103rii site-ului web sau la \u00eencetarea rela\u021biei contractuale dintre operatorul \u0219i furnizorul de g\u0103zduire. Persoana vizat\u0103 poate solicita \u0219tergerea datelor sale contact\u00e2nd \u0219i furnizorul de g\u0103zduire.<\/span><\/p><p><span style=\"font-weight: 400;\">Temeiul legal prelucr\u0103rii datelor: consim\u021b\u0103m\u00e2ntul persoanei vizate sau pe baza obliga\u021biilor legale.<\/span><\/p><h2><b>8. Valabilitate<\/b><\/h2><p><span style=\"font-weight: 400;\">Operatorul prelucreaz\u0103 datele cu caracter personal furnizate pe baza consim\u021b\u0103m\u00e2ntului persoanei vizate p\u00e2n\u0103 la \u00eendeplinirea scopurilor de prelucrare a datelor sau la retragerea utilizatorului. Operatorul gestioneaz\u0103 datele cu caracter personal furnizate de c\u0103tre dvs. \u00een timpul procedurii de \u00eenregistrare p\u00e2n\u0103 c\u00e2nd opri\u021bi utilizarea site-ului web, ceea ce include \u0219i solicitarea de \u0219tergere a \u00eenregistr\u0103rii dvs.<\/span><\/p><p><span style=\"font-weight: 400;\">Operatorul poate prelucra datele cu caracter personal \u00een cauz\u0103 f\u0103r\u0103 consim\u021b\u0103m\u00e2ntul persoanei vizate sau dup\u0103 revocarea acesteia dac\u0103:<\/span><\/p><ol><li style=\"font-weight: 400;\" aria-level=\"1\"><span style=\"font-weight: 400;\">pentru \u00eendeplinirea unei obliga\u021bii legale de Operatorul,<\/span><\/li><li style=\"font-weight: 400;\" aria-level=\"1\"><span style=\"font-weight: 400;\">datorit\u0103 interesului legitim al operatorului de date sau al unei ter\u021be p\u0103r\u021bi \u0219i exercitarea acestei cereri legale este propor\u021bional\u0103 cu restric\u021bionarea dreptului la protec\u021bie a datelor cu caracter personal f\u0103r\u0103 niciun consim\u021b\u0103m\u00e2nt specific.<\/span><\/li><\/ol><p><span style=\"font-weight: 400;\">Operatorul p\u0103streaz\u0103 \u0219i prelucreaz\u0103 datele ale persoanei vizate timp de 5 ani pentru a se conforma obliga\u021biilor contabile sau \u00een perioada de stocare specificat\u0103 de legile contabile actuale.<\/span><\/p><h2><b>9. Transferuri \u0219i combina\u021bie de date cu caracter personal<\/b><\/h2><p><span style=\"font-weight: 400;\">Operatorul nu vinde, \u00eenchiriaz\u0103 sau furnizeaz\u0103 \u00een niciun alt fel date sau informa\u021bii cu caracter personal altei companii sau persoane fizice. Operatorul ar trebui s\u0103 asigure securitatea adecvat\u0103 a datelor cu caracter prin luarea de m\u0103suri tehnice sau organizatorice corespunz\u0103toare care ar trebui s\u0103 constituie garan\u021bii pentru aplicarea regulilor \u0219i principiilor de protec\u021bie a datelor \u0219i s\u0103 contribuie la securitatea datelor cu caracter personal.<\/span><\/p><p><span style=\"font-weight: 400;\">Operatorul poate transfera date cu caracter personal c\u0103tre o ter\u021b\u0103 parte sau p\u0103r\u021bi numai cu acordul persoanei vizate.<\/span><\/p><h2><b>10. Cookie-uri<\/b><\/h2><p><span style=\"font-weight: 400;\">Cookie-urile sunt plasate de site-urile web vizitate pe computerul utilizatorului \u0219i con\u021bin informa\u021bii precum set\u0103rile paginii sau starea de conectare. Cookie-ul este un fi\u0219ier de mici dimensiuni, format din litere \u0219i numere, care va fi stocat pe computerul, terminalul mobil sau alte echipamente ale unui utilizator de pe care se acceseaz\u0103 internetul. Experien\u021ba utilizatorului se \u00eembun\u0103t\u0103\u021be\u0219te prin salvarea datelor de navigare. Cu cookie-urile, site-ul web \u00ee\u0219i aminte\u0219te preferin\u021bele site-ului dvs. \u0219i v\u0103 ofer\u0103 con\u021binut relevant local.<\/span><\/p><p><span style=\"font-weight: 400;\">Politica noastr\u0103 privind cookie-urile este disponibil\u0103 <a href=\"https:\/\/arkuminvest.ro\/ro\/informatii-despre-cookie-uri\/\" target=\"_blank\" rel=\"noopener\">aici<\/a>.<\/span><\/p><h2><b>11. Google Analytics<\/b><\/h2><p><span style=\"font-weight: 400;\">Site-ul nostru web folose\u0219te Google Analytics.<\/span><\/p><p><span style=\"font-weight: 400;\">Google Analytics utilizeaz\u0103 cookie-uri interne pentru a genera rapoarte pentru clien\u021bi despre comportamentele utilizatorilor site-ului. \u00cen numele proprietarului site-ului web, Google folose\u0219te informa\u021bii pentru a m\u0103sura modul \u00een care utilizatorii interac\u021bioneaz\u0103 cu con\u021binutul site-ului web. Ca serviciu suplimentar, rapoartele despre activit\u0103\u021bile site-ului web sunt preg\u0103tite pentru ca proprietarii de site-uri web s\u0103 ofere servicii suplimentare. Datele sunt stocate \u00een form\u0103 criptat\u0103 pe serverele Google pentru a limita sau preveni utilizarea abuziv\u0103 a datelor.<\/span><\/p><p><span style=\"font-weight: 400;\">Cum s\u0103 dezactiva\u021bi Google Analytics:<\/span><\/p><p><span style=\"font-weight: 400;\">Utilizatorii site-ului care nu doresc ca Google Analytics s\u0103 creeze un raport JavaScript despre datele lor, pot instala Google Analytics Opt-out Add-on. Aceast\u0103 extensie \u00eei spune Google Analytics JavaScript (ga.js, analytics.js, \u00e9s dc.js) s\u0103 nu trimit\u0103 informa\u021bii c\u0103tre Google Analytics. Aceast\u0103 extensie este disponibil\u0103 pentru principalele aplica\u021bii de browser web. Cu toate acestea, suplimentul de renun\u021bare la Google Analytics nu va \u00eempiedica transferul de date \u00eentre site-ul web \u0219i alte servicii de analiz\u0103 web.<\/span><\/p><p><a href=\"https:\/\/support.google.com\/analytics\/answer\/6004245?hl=ro\"><span style=\"font-weight: 400;\">https:\/\/support.google.com\/analytics\/answer\/6004245?hl=ro<\/span><\/a><\/p><p><span style=\"font-weight: 400;\">Google politici de confiden\u021bialitate: <\/span><a href=\"https:\/\/policies.google.com\/privacy?hl=ro\"><span style=\"font-weight: 400;\">https:\/\/policies.google.com\/privacy?hl=ro<\/span><\/a><\/p><p><span style=\"font-weight: 400;\">Mai multe informa\u021bii despre utilizarea \u0219i protec\u021bia datelor sunt disponibile la aceste linkuri de mai sus.<\/span><\/p><h2><b>12. Drepturilor persoanelor vizate<\/b><\/h2><p><span style=\"font-weight: 400;\">Dreptul la informarea: Pute\u021bi solicita informa\u021bii de la noi prin detaliile de contact \u00een care sunt prelucrate datele cu caracter personal, precum, temeiul juridic \u0219i scopuri al prelucr\u0103rii \u0219i c\u00e2t timp. La solicitarea dvs., vom trimite imediat informa\u021biile solicitate, \u00een cel mult 30 de zile la adresa de e-mail pe care a\u021bi furnizat-o.<\/span><\/p><p><span style=\"font-weight: 400;\">Dreptul la rectificare: ne pute\u021bi solicita rectificarea datelor cu caracter personal inexacte care v\u0103 privesc. Vom ac\u021biona f\u0103r\u0103 \u00eent\u00e2rzieri nejustificate dar \u00een cel mult o perioad\u0103 maxim\u0103 de 30 de zile \u0219i v\u0103 vom informa despre rezultatul cererii dvs. prin e-mailul pe care l-a\u021bi furnizat.<\/span><\/p><p><span style=\"font-weight: 400;\">Dreptul la \u0219tergerea datelor (\u201edreptul de a fi uitat\u201d): ne pute\u021bi solicita \u0219tergerea datelor cu caracter personal care v\u0103 privesc. Vom ac\u021biona f\u0103r\u0103 \u00eent\u00e2rzieri nejustificate, dar \u00een cel mult o perioad\u0103 maxim\u0103 de 30 de zile \u0219i v\u0103 vom informa despre rezultatul cererii dvs. prin e-mailul pe care l-a\u021bi furnizat. Cu toate acestea, putem respecta solicitarea dvs. numai dac\u0103 aceasta nu intr\u0103 \u00een conflict cu un alt temei legal (de exemplu, o obliga\u021bie legal\u0103).<\/span><\/p><p><span style=\"font-weight: 400;\">Dreptul la restric\u021bionarea prelucr\u0103rii: pute\u021bi solicita restric\u021bionarea prelucr\u0103rii datelor cu caracter personal care v\u0103 privesc. Restric\u021bia se va ob\u021bine p\u00e2n\u0103 la verificare dac\u0103 motivele legitime ale operatorului de date le \u00eenlocuiesc pe cele ale persoanei vizate. Vom ac\u021biona f\u0103r\u0103 \u00eent\u00e2rzieri nejustificate, dar \u00een cel mult o perioad\u0103 maxim\u0103 de 30 de zile \u0219i v\u0103 vom informa despre rezultatul cererii dvs. prin e-mailul pe care l-a\u021bi furnizat.<\/span><\/p><p><span style=\"font-weight: 400;\">Dreptul la opozi\u021bie: \u00een orice moment ave\u021bi posibilitatea de a obiecta la prelucrarea de date cu caracter personal care v\u0103 privesc. Cerere dvs. este examinat\u0103 f\u0103r\u0103 \u00eent\u00e2rzieri nejustificate, dar \u00een cel mult o perioad\u0103 maxim\u0103 de 30 de zile \u0219i v\u0103 inform\u0103m despre rezultatul cererii dvs. prin e-mailul pe care l-a\u021bi furnizat.<\/span><\/p><h2><b>13. Op\u021biunea legale de aplicare a prelucr\u0103rii datelor<\/b><\/h2><p><span style=\"font-weight: 400;\">Dac\u0103 ave\u021bi experien\u021b\u0103 \u00een cazul unei prelucr\u0103ri ilegale a datelor, v\u0103 rug\u0103m s\u0103 ne contacta\u021bi pentru a restabili statutul de conformare legal\u0103 \u00een timp scurt. Facem toate eforturile pentru a rezolva problema dvs. ridicat\u0103 c\u00e2t mai cur\u00e2nd posibil.<\/span><\/p><p><span style=\"font-weight: 400;\">Dac\u0103 problema exist\u0103 \u00een continuare sau nu este posibil\u0103 rezilien\u021ba, ave\u021bi posibilitatea de a\u00a0 depune o pl\u00e2ngere la autoritatea de supraveghere pentru protec\u021bia datelor la urm\u0103toarele detalii de contact:<\/span><\/p><p><span style=\"font-weight: 400;\">Autoritatea Na\u021bionala de Supraveghere a Prelucr\u0103rii Datelor cu Caracter Personal<\/span><\/p><p><span style=\"font-weight: 400;\">Birou: B-dul G-ral. Gheorghe Magheru 28-30, Sector 1, cod postal 010336, Bucharest<\/span><\/p><p><span style=\"font-weight: 400;\">Mobil: 00 40 318 059 211, 00 40 318 059 211<\/span><\/p><p><span style=\"font-weight: 400;\">Email: anspdcp@dataprotection.ro<\/span><\/p><h2><b>14. Legisla\u021bie<\/b><\/h2><p><span style=\"font-weight: 400;\">Regulamentul (UE) 2016\/679 Al Parlamentului European \u0218i Al Consiliului din 27 Aprilie 2016 privind protec\u021bia persoanelor fizice \u00een ceea ce prive\u0219te prelucrarea datelor cu caracter personal \u0219i privind libera circula\u021bie a acestor date \u0219i de abrogare a Directivei 95\/46\/CE (Regulamentul general privind protec\u021bia datelor).<\/span><\/p><p><span style=\"font-weight: 400;\">Data aplic\u0103rii acestor note de confiden\u021bialitate: 31\/08\/2021. Operatorul \u00ee\u0219i rezerv\u0103 dreptul la modificare.<\/span><\/p>\t\t\t\t\t<\/div>\n\t\t\t\t\t\t<\/div>\n\t\t\t\t<\/div>\n\t\t\t\t\t\t<\/div>\n\t\t\t\t\t<\/div>\n\t\t<\/div>\n\t\t\t\t\t\t\t\t<\/div>\n\t\t\t\t\t<\/div>\n\t\t<\/section>\n\t\t\t\t\t\t\t\t\t<\/div>\n\t\t\t<\/div>\n\t\t\t\t\t<\/div>\n\t\t","protected":false},"excerpt":{"rendered":"<p>Nota de confiden\u021bialitate Pentru to\u021bi vizitatorii \u0219i utilizatorii site-ului Arkum Invest (www.arkuminvest.ro) 1. Introducere Arkum Invest SRL, entitatea responsabil\u0103 a site-ului web www.arkuminvest.ro (denumit\u0103 \u00een cele ce urmeaz\u0103 \u201eWebsite\u201d) publicat ca controlor de date actual al confiden\u021bialit\u0103\u021bii \u0219i al gestion\u0103rii datelor (denumit\u0103 \u00een cele ce urmeaz\u0103 \u201eNota\u201d sau \u201cNota de confiden\u021bialitate\u201d), care demonstreaz\u0103 angajamentul Operatorului&#8230;<\/p>\n","protected":false},"author":1,"featured_media":6142,"parent":0,"menu_order":0,"comment_status":"closed","ping_status":"closed","template":"","meta":{"inline_featured_image":false,"footnotes":""},"class_list":["post-6114","page","type-page","status-publish","has-post-thumbnail","hentry"],"yoast_head":"<!-- This site is optimized with the Yoast SEO plugin v20.7 - https:\/\/yoast.com\/wordpress\/plugins\/seo\/ -->\n<title>Declara\u021bia privind protec\u021bia datelor - Arkum Invest<\/title>\n<meta name=\"description\" content=\"A www.arkuninvest.ro \u00a0(tov\u00e1bbiakban: Weblap) \u00fczemeltet\u0151je az Arkum Invest Kft.\u00a0 mint Adatkezel\u0151 jelen Adatv\u00e9delmi Nyilatkozat \u00e9s Adatkezel\u00e9si..\" \/>\n<meta name=\"robots\" content=\"index, follow, max-snippet:-1, max-image-preview:large, max-video-preview:-1\" \/>\n<link rel=\"canonical\" href=\"https:\/\/arkuminvest.ro\/ro\/declaratia-privind-protectia-datelor\/\" \/>\n<meta property=\"og:locale\" content=\"ro_RO\" \/>\n<meta property=\"og:type\" content=\"article\" \/>\n<meta property=\"og:title\" content=\"Declara\u021bia privind protec\u021bia datelor - Arkum Invest\" \/>\n<meta property=\"og:description\" content=\"A www.arkuninvest.ro \u00a0(tov\u00e1bbiakban: Weblap) \u00fczemeltet\u0151je az Arkum Invest Kft.\u00a0 mint Adatkezel\u0151 jelen Adatv\u00e9delmi Nyilatkozat \u00e9s Adatkezel\u00e9si..\" \/>\n<meta property=\"og:url\" content=\"https:\/\/arkuminvest.ro\/ro\/declaratia-privind-protectia-datelor\/\" \/>\n<meta property=\"og:site_name\" content=\"Arkum Invest\" \/>\n<meta property=\"article:modified_time\" content=\"2023-02-22T12:44:43+00:00\" \/>\n<meta property=\"og:image\" content=\"https:\/\/arkuminvest.ro\/wp-content\/uploads\/2021\/12\/arkum-seo.png\" \/>\n\t<meta property=\"og:image:width\" content=\"846\" \/>\n\t<meta property=\"og:image:height\" content=\"441\" \/>\n\t<meta property=\"og:image:type\" content=\"image\/png\" \/>\n<meta name=\"twitter:card\" content=\"summary_large_image\" \/>\n<meta name=\"twitter:label1\" content=\"Timp estimat pentru citire\" \/>\n\t<meta name=\"twitter:data1\" content=\"16 minute\" \/>\n<script type=\"application\/ld+json\" class=\"yoast-schema-graph\">{\"@context\":\"https:\/\/schema.org\",\"@graph\":[{\"@type\":\"WebPage\",\"@id\":\"https:\/\/arkuminvest.ro\/ro\/declaratia-privind-protectia-datelor\/\",\"url\":\"https:\/\/arkuminvest.ro\/ro\/declaratia-privind-protectia-datelor\/\",\"name\":\"Declara\u021bia privind protec\u021bia datelor - Arkum Invest\",\"isPartOf\":{\"@id\":\"https:\/\/arkuminvest.ro\/ro\/#website\"},\"datePublished\":\"2020-11-14T14:04:27+00:00\",\"dateModified\":\"2023-02-22T12:44:43+00:00\",\"description\":\"A www.arkuninvest.ro \u00a0(tov\u00e1bbiakban: Weblap) \u00fczemeltet\u0151je az Arkum Invest Kft.\u00a0 mint Adatkezel\u0151 jelen Adatv\u00e9delmi Nyilatkozat \u00e9s Adatkezel\u00e9si..\",\"breadcrumb\":{\"@id\":\"https:\/\/arkuminvest.ro\/ro\/declaratia-privind-protectia-datelor\/#breadcrumb\"},\"inLanguage\":\"ro-RO\",\"potentialAction\":[{\"@type\":\"ReadAction\",\"target\":[\"https:\/\/arkuminvest.ro\/ro\/declaratia-privind-protectia-datelor\/\"]}]},{\"@type\":\"BreadcrumbList\",\"@id\":\"https:\/\/arkuminvest.ro\/ro\/declaratia-privind-protectia-datelor\/#breadcrumb\",\"itemListElement\":[{\"@type\":\"ListItem\",\"position\":1,\"name\":\"Home\",\"item\":\"https:\/\/arkuminvest.ro\/ro\/\"},{\"@type\":\"ListItem\",\"position\":2,\"name\":\"Declara\u021bia privind protec\u021bia datelor\"}]},{\"@type\":\"WebSite\",\"@id\":\"https:\/\/arkuminvest.ro\/ro\/#website\",\"url\":\"https:\/\/arkuminvest.ro\/ro\/\",\"name\":\"Arkum Invest\",\"description\":\"Imobiliare de \u00eenchiriat \u0219i de v\u00e2nzare\",\"publisher\":{\"@id\":\"https:\/\/arkuminvest.ro\/ro\/#organization\"},\"potentialAction\":[{\"@type\":\"SearchAction\",\"target\":{\"@type\":\"EntryPoint\",\"urlTemplate\":\"https:\/\/arkuminvest.ro\/ro\/?s={search_term_string}\"},\"query-input\":\"required name=search_term_string\"}],\"inLanguage\":\"ro-RO\"},{\"@type\":\"Organization\",\"@id\":\"https:\/\/arkuminvest.ro\/ro\/#organization\",\"name\":\"Arkum Invest\",\"url\":\"https:\/\/arkuminvest.ro\/ro\/\",\"logo\":{\"@type\":\"ImageObject\",\"inLanguage\":\"ro-RO\",\"@id\":\"https:\/\/arkuminvest.ro\/ro\/#\/schema\/logo\/image\/\",\"url\":\"https:\/\/arkuminvest.ro\/wp-content\/uploads\/2020\/02\/Scaled-logo.png\",\"contentUrl\":\"https:\/\/arkuminvest.ro\/wp-content\/uploads\/2020\/02\/Scaled-logo.png\",\"width\":323,\"height\":250,\"caption\":\"Arkum Invest\"},\"image\":{\"@id\":\"https:\/\/arkuminvest.ro\/ro\/#\/schema\/logo\/image\/\"}}]}<\/script>\n<!-- \/ Yoast SEO plugin. -->","yoast_head_json":{"title":"Declara\u021bia privind protec\u021bia datelor - Arkum Invest","description":"A www.arkuninvest.ro \u00a0(tov\u00e1bbiakban: Weblap) \u00fczemeltet\u0151je az Arkum Invest Kft.\u00a0 mint Adatkezel\u0151 jelen Adatv\u00e9delmi Nyilatkozat \u00e9s Adatkezel\u00e9si..","robots":{"index":"index","follow":"follow","max-snippet":"max-snippet:-1","max-image-preview":"max-image-preview:large","max-video-preview":"max-video-preview:-1"},"canonical":"https:\/\/arkuminvest.ro\/ro\/declaratia-privind-protectia-datelor\/","og_locale":"ro_RO","og_type":"article","og_title":"Declara\u021bia privind protec\u021bia datelor - Arkum Invest","og_description":"A www.arkuninvest.ro \u00a0(tov\u00e1bbiakban: Weblap) \u00fczemeltet\u0151je az Arkum Invest Kft.\u00a0 mint Adatkezel\u0151 jelen Adatv\u00e9delmi Nyilatkozat \u00e9s Adatkezel\u00e9si..","og_url":"https:\/\/arkuminvest.ro\/ro\/declaratia-privind-protectia-datelor\/","og_site_name":"Arkum Invest","article_modified_time":"2023-02-22T12:44:43+00:00","og_image":[{"width":846,"height":441,"url":"https:\/\/arkuminvest.ro\/wp-content\/uploads\/2021\/12\/arkum-seo.png","type":"image\/png"}],"twitter_card":"summary_large_image","twitter_misc":{"Timp estimat pentru citire":"16 minute"},"schema":{"@context":"https:\/\/schema.org","@graph":[{"@type":"WebPage","@id":"https:\/\/arkuminvest.ro\/ro\/declaratia-privind-protectia-datelor\/","url":"https:\/\/arkuminvest.ro\/ro\/declaratia-privind-protectia-datelor\/","name":"Declara\u021bia privind protec\u021bia datelor - Arkum Invest","isPartOf":{"@id":"https:\/\/arkuminvest.ro\/ro\/#website"},"datePublished":"2020-11-14T14:04:27+00:00","dateModified":"2023-02-22T12:44:43+00:00","description":"A www.arkuninvest.ro \u00a0(tov\u00e1bbiakban: Weblap) \u00fczemeltet\u0151je az Arkum Invest Kft.\u00a0 mint Adatkezel\u0151 jelen Adatv\u00e9delmi Nyilatkozat \u00e9s Adatkezel\u00e9si..","breadcrumb":{"@id":"https:\/\/arkuminvest.ro\/ro\/declaratia-privind-protectia-datelor\/#breadcrumb"},"inLanguage":"ro-RO","potentialAction":[{"@type":"ReadAction","target":["https:\/\/arkuminvest.ro\/ro\/declaratia-privind-protectia-datelor\/"]}]},{"@type":"BreadcrumbList","@id":"https:\/\/arkuminvest.ro\/ro\/declaratia-privind-protectia-datelor\/#breadcrumb","itemListElement":[{"@type":"ListItem","position":1,"name":"Home","item":"https:\/\/arkuminvest.ro\/ro\/"},{"@type":"ListItem","position":2,"name":"Declara\u021bia privind protec\u021bia datelor"}]},{"@type":"WebSite","@id":"https:\/\/arkuminvest.ro\/ro\/#website","url":"https:\/\/arkuminvest.ro\/ro\/","name":"Arkum Invest","description":"Imobiliare de \u00eenchiriat \u0219i de v\u00e2nzare","publisher":{"@id":"https:\/\/arkuminvest.ro\/ro\/#organization"},"potentialAction":[{"@type":"SearchAction","target":{"@type":"EntryPoint","urlTemplate":"https:\/\/arkuminvest.ro\/ro\/?s={search_term_string}"},"query-input":"required name=search_term_string"}],"inLanguage":"ro-RO"},{"@type":"Organization","@id":"https:\/\/arkuminvest.ro\/ro\/#organization","name":"Arkum Invest","url":"https:\/\/arkuminvest.ro\/ro\/","logo":{"@type":"ImageObject","inLanguage":"ro-RO","@id":"https:\/\/arkuminvest.ro\/ro\/#\/schema\/logo\/image\/","url":"https:\/\/arkuminvest.ro\/wp-content\/uploads\/2020\/02\/Scaled-logo.png","contentUrl":"https:\/\/arkuminvest.ro\/wp-content\/uploads\/2020\/02\/Scaled-logo.png","width":323,"height":250,"caption":"Arkum Invest"},"image":{"@id":"https:\/\/arkuminvest.ro\/ro\/#\/schema\/logo\/image\/"}}]}},"_links":{"self":[{"href":"https:\/\/arkuminvest.ro\/ro\/wp-json\/wp\/v2\/pages\/6114"}],"collection":[{"href":"https:\/\/arkuminvest.ro\/ro\/wp-json\/wp\/v2\/pages"}],"about":[{"href":"https:\/\/arkuminvest.ro\/ro\/wp-json\/wp\/v2\/types\/page"}],"author":[{"embeddable":true,"href":"https:\/\/arkuminvest.ro\/ro\/wp-json\/wp\/v2\/users\/1"}],"replies":[{"embeddable":true,"href":"https:\/\/arkuminvest.ro\/ro\/wp-json\/wp\/v2\/comments?post=6114"}],"version-history":[{"count":15,"href":"https:\/\/arkuminvest.ro\/ro\/wp-json\/wp\/v2\/pages\/6114\/revisions"}],"predecessor-version":[{"id":6633,"href":"https:\/\/arkuminvest.ro\/ro\/wp-json\/wp\/v2\/pages\/6114\/revisions\/6633"}],"wp:featuredmedia":[{"embeddable":true,"href":"https:\/\/arkuminvest.ro\/ro\/wp-json\/wp\/v2\/media\/6142"}],"wp:attachment":[{"href":"https:\/\/arkuminvest.ro\/ro\/wp-json\/wp\/v2\/media?parent=6114"}],"curies":[{"name":"wp","href":"https:\/\/api.w.org\/{rel}","templated":true}]}}